{"id":989513,"date":"2025-03-20T12:41:18","date_gmt":"2025-03-20T09:41:18","guid":{"rendered":"https:\/\/mobila.md\/product\/\/"},"modified":"2026-01-20T17:22:27","modified_gmt":"2026-01-20T14:22:27","slug":"canapeaua-modulara-island","status":"publish","type":"product","link":"https:\/\/mobila.md\/ru\/product\/canapeaua-modulara-island\/","title":{"rendered":"Canapeaua Island"},"content":{"rendered":"<div class=\"vgblk-rw-wrapper limit-wrapper\">\n<p class=\"\" data-start=\"293\" data-end=\"672\"><strong data-start=\"293\" data-end=\"322\">Canapeaua modular\u0103 Island<\/strong> este solu\u021bia perfect\u0103 pentru a crea un spa\u021biu de relaxare comod \u0219i contemporan. Cu un design modern, linii rotunjite \u0219i propor\u021bii generoase, aceast\u0103 canapea ofer\u0103 at\u00e2t confort, c\u00e2t \u0219i stil. Fiecare modul este proiectat pentru a fi combinat cu u\u0219urin\u021b\u0103, permi\u021b\u00e2ndu-v\u0103 s\u0103 personaliza\u021bi configura\u021bia \u00een func\u021bie de spa\u021biul \u0219i preferin\u021bele dumneavoastr\u0103.<\/p>\n<p class=\"\" data-start=\"674\" data-end=\"961\">Fabricat\u0103 din materiale de calitate superioar\u0103, aceast\u0103 canapea este disponibil\u0103 \u00eentr-o gam\u0103 variat\u0103 de \u021bes\u0103turi \u0219i culori, astfel \u00eenc\u00e2t s\u0103 se potriveasc\u0103 perfect stilului locuin\u021bei dumneavoastr\u0103. Pernele decorative adaug\u0103 un plus de confort \u0219i un accent subtil de culoare.<\/p>\n<p class=\"\" data-start=\"963\" data-end=\"1114\">Contacta\u021bi-ne pentru a explora op\u021biunile de personalizare \u0219i pentru a transforma <strong data-start=\"1044\" data-end=\"1073\">canapeaua modular\u0103 Island<\/strong> \u00een piesa central\u0103 a casei dumneavoastr\u0103!<\/p>\n<p class=\"\" data-start=\"1116\" data-end=\"1408\">Acest model este ideal pentru livinguri spa\u021bioase, zone de socializare deschise sau apartamente moderne. Datorit\u0103 modularit\u0103\u021bii, se poate adapta cu u\u0219urin\u021b\u0103 oric\u0103rui spa\u021biu, oferind flexibilitate \u00een amenajare. Poate fi extins\u0103, compactat\u0103 sau complet reconfigurat\u0103 \u00een func\u021bie de nevoile tale.<\/p>\n<p class=\"\" data-start=\"1410\" data-end=\"1638\">Structura este construit\u0103 pe un cadru robust din lemn, iar tapi\u021beria este u\u0219or de \u00eentre\u021binut \u0219i pl\u0103cut\u0103 la atingere. Materialele sunt testate pentru durabilitate \u0219i confort, fiind potrivite chiar \u0219i \u00een utilizare zilnic\u0103 intens\u0103.<\/p>\n<p class=\"\" data-start=\"1640\" data-end=\"1885\"><strong data-start=\"1640\" data-end=\"1669\">Canapeaua modular\u0103 Island<\/strong> ofer\u0103 echilibrul perfect \u00eentre func\u021bionalitate \u0219i estetic\u0103. Este mai mult dec\u00e2t o pies\u0103 de mobilier \u2013 este o solu\u021bie inteligent\u0103 pentru spa\u021biile moderne, unde designul \u00eent\u00e2lne\u0219te nevoia de versatilitate \u0219i relaxare.<\/p>\n<h3 style=\"text-align: center\"><span style=\"color: #ff0000\">Costurile pot varia \u00een func\u021bie de configuratie \u0219i \u021bes\u0103turi<\/span><\/h3>\n<p style=\"text-align: center\"><a class=\"solicitat-oferta\" href=\"#popmake-989604\">Solicit\u0103<\/a><\/p>\n<p><img data-opt-id=1313446463  fetchpriority=\"high\" decoding=\"async\" class=\"aligncenter size-full wp-image-989514\" src=\"https:\/\/mlob4660sih2.i.optimole.com\/cb:hB7A.2a1\/w:auto\/h:auto\/q:mauto\/f:best\/https:\/\/mobila.md\/wp-content\/uploads\/2025\/03\/schite-island-1024x861-2.png\" alt=\"\" width=\"1024\" height=\"861\" srcset=\"https:\/\/mlob4660sih2.i.optimole.com\/cb:hB7A.2a1\/w:1024\/h:861\/q:mauto\/f:best\/https:\/\/mobila.md\/wp-content\/uploads\/2025\/03\/schite-island-1024x861-2.png 1024w, https:\/\/mlob4660sih2.i.optimole.com\/cb:hB7A.2a1\/w:300\/h:252\/q:mauto\/f:best\/https:\/\/mobila.md\/wp-content\/uploads\/2025\/03\/schite-island-1024x861-2.png 300w, https:\/\/mlob4660sih2.i.optimole.com\/cb:hB7A.2a1\/w:768\/h:646\/q:mauto\/f:best\/https:\/\/mobila.md\/wp-content\/uploads\/2025\/03\/schite-island-1024x861-2.png 768w, https:\/\/mlob4660sih2.i.optimole.com\/cb:hB7A.2a1\/w:866\/h:728\/q:mauto\/f:best\/https:\/\/mobila.md\/wp-content\/uploads\/2025\/03\/schite-island-1024x861-2.png 866w, https:\/\/mlob4660sih2.i.optimole.com\/cb:hB7A.2a1\/w:64\/h:54\/q:mauto\/f:best\/dpr:2\/https:\/\/mobila.md\/wp-content\/uploads\/2025\/03\/schite-island-1024x861-2.png 64w\" sizes=\"(max-width: 1024px) 100vw, 1024px\" \/><\/p>\n<\/div>\n<p><!-- .vgblk-rw-wrapper --><\/p>\n","protected":false},"excerpt":{"rendered":"<p>Canapeaua modular\u0103 Island este solu\u021bia perfect\u0103 pentru a crea un spa\u021biu de relaxare comod \u0219i contemporan. Cu un design modern, linii rotunjite \u0219i propor\u021bii generoase, aceast\u0103 canapea ofer\u0103 at\u00e2t confort, c\u00e2t \u0219i stil. Fiecare modul este proiectat pentru a fi combinat cu u\u0219urin\u021b\u0103, permi\u021b\u00e2ndu-v\u0103 s\u0103 personaliza\u021bi configura\u021bia \u00een func\u021bie de spa\u021biul \u0219i preferin\u021bele dumneavoastr\u0103. Fabricat\u0103&#8230;<\/p>\n","protected":false},"featured_media":989517,"template":"","meta":[],"product_brand":[],"product_cat":[173],"product_tag":[],"class_list":{"0":"post-989513","1":"product","2":"type-product","3":"status-publish","4":"has-post-thumbnail","6":"product_cat-sofas","8":"first","9":"instock","10":"shipping-taxable","11":"product-type-simple"},"yoast_head":"<!-- This site is optimized with the Yoast SEO Premium plugin v24.7 (Yoast SEO v26.9) - https:\/\/yoast.com\/product\/yoast-seo-premium-wordpress\/ -->\n<title>Canapeaua modular\u0103 Island \u2013 Confort \u0219i Design Personalizat<\/title>\n<meta name=\"description\" content=\"Canapeaua modular\u0103 Island \u2013 stil contemporan, personalizare complet\u0103 \u0219i confort excep\u021bional. Ideal\u0103 pentru spa\u021bii moderne \u0219i interioare flexibile.\" \/>\n<meta name=\"robots\" content=\"index, follow, max-snippet:-1, max-image-preview:large, max-video-preview:-1\" \/>\n<link rel=\"canonical\" href=\"http:\/\/Canapeaua%20modular\u0103%20Island%20este%20solu\u021bia%20perfect\u0103%20pentru%20a%20crea%20un%20spa\u021biu%20de%20relaxare%20comod%20\u0219i%20contemporan.%20Cu%20un%20design%20modern,%20linii%20rotunjite%20\u0219i%20propor\u021bii%20generoase,%20aceast\u0103%20canapea%20ofer\u0103%20at\u00e2t%20confort,%20c\u00e2t%20\u0219i%20stil.%20Fiecare%20modul%20este%20proiectat%20pentru%20a%20fi%20combinat%20cu%20u\u0219urin\u021b\u0103,%20permi\u021b\u00e2ndu-v\u0103%20s\u0103%20personaliza\u021bi%20configura\u021bia%20\u00een%20func\u021bie%20de%20spa\u021biul%20\u0219i%20preferin\u021bele%20dumneavoastr\u0103.Fabricat\u0103%20din&hellip;\" \/>\n<meta property=\"og:locale\" content=\"ru_RU\" \/>\n<meta property=\"og:type\" content=\"article\" \/>\n<meta property=\"og:title\" content=\"Canapeaua modular\u0103 Island \u2013 Confort \u0219i Design Personalizat\" \/>\n<meta property=\"og:description\" content=\"Canapeaua modular\u0103 Island \u2013 stil contemporan, personalizare complet\u0103 \u0219i confort excep\u021bional. Ideal\u0103 pentru spa\u021bii moderne \u0219i interioare flexibile.\" \/>\n<meta property=\"og:url\" content=\"https:\/\/mobila.md\/ru\/product\/canapeaua-modulara-island\/\" \/>\n<meta property=\"og:site_name\" content=\"ERGOLEMN\" \/>\n<meta property=\"article:publisher\" content=\"https:\/\/www.facebook.com\/ergolemn?locale=ru_RU\" \/>\n<meta property=\"article:modified_time\" content=\"2026-01-20T14:22:27+00:00\" \/>\n<meta property=\"og:image\" content=\"https:\/\/mlob4660sih2.i.optimole.com\/cb:hB7A.2a1\/w:auto\/h:auto\/q:mauto\/f:best\/https:\/\/mobila.md\/wp-content\/uploads\/2025\/03\/Canapea-Island-4-1.jpg\" \/>\n\t<meta property=\"og:image:width\" content=\"2000\" \/>\n\t<meta property=\"og:image:height\" content=\"1333\" \/>\n\t<meta property=\"og:image:type\" content=\"image\/jpeg\" \/>\n<meta name=\"twitter:card\" content=\"summary_large_image\" \/>\n<meta name=\"twitter:label1\" content=\"\u041f\u0440\u0438\u043c\u0435\u0440\u043d\u043e\u0435 \u0432\u0440\u0435\u043c\u044f \u0434\u043b\u044f \u0447\u0442\u0435\u043d\u0438\u044f\" \/>\n\t<meta name=\"twitter:data1\" content=\"2 \u043c\u0438\u043d\u0443\u0442\u044b\" \/>\n<script type=\"application\/ld+json\" class=\"yoast-schema-graph\">{\"@context\":\"https:\/\/schema.org\",\"@graph\":[{\"@type\":\"WebPage\",\"@id\":\"https:\/\/mobila.md\/ru\/product\/canapeaua-modulara-island\/\",\"url\":\"https:\/\/mobila.md\/ru\/product\/canapeaua-modulara-island\/\",\"name\":\"Canapeaua modular\u0103 Island \u2013 Confort \u0219i Design Personalizat\",\"isPartOf\":{\"@id\":\"https:\/\/mobila.md\/#website\"},\"primaryImageOfPage\":{\"@id\":\"https:\/\/mobila.md\/ru\/product\/canapeaua-modulara-island\/#primaryimage\"},\"image\":{\"@id\":\"https:\/\/mobila.md\/ru\/product\/canapeaua-modulara-island\/#primaryimage\"},\"thumbnailUrl\":\"https:\/\/mlob4660sih2.i.optimole.com\/cb:hB7A.2a1\/w:auto\/h:auto\/q:mauto\/f:best\/https:\/\/mobila.md\/wp-content\/uploads\/2025\/03\/Canapea-Island-4-1.jpg\",\"datePublished\":\"2025-03-20T09:41:18+00:00\",\"dateModified\":\"2026-01-20T14:22:27+00:00\",\"description\":\"Canapeaua modular\u0103 Island \u2013 stil contemporan, personalizare complet\u0103 \u0219i confort excep\u021bional. Ideal\u0103 pentru spa\u021bii moderne \u0219i interioare flexibile.\",\"breadcrumb\":{\"@id\":\"https:\/\/mobila.md\/ru\/product\/canapeaua-modulara-island\/#breadcrumb\"},\"inLanguage\":\"ru-RU\",\"potentialAction\":[{\"@type\":\"ReadAction\",\"target\":[\"https:\/\/mobila.md\/ru\/product\/canapeaua-modulara-island\/\"]}]},{\"@type\":\"ImageObject\",\"inLanguage\":\"ru-RU\",\"@id\":\"https:\/\/mobila.md\/ru\/product\/canapeaua-modulara-island\/#primaryimage\",\"url\":\"https:\/\/mlob4660sih2.i.optimole.com\/cb:hB7A.2a1\/w:auto\/h:auto\/q:mauto\/f:best\/https:\/\/mobila.md\/wp-content\/uploads\/2025\/03\/Canapea-Island-4-1.jpg\",\"contentUrl\":\"https:\/\/mlob4660sih2.i.optimole.com\/cb:hB7A.2a1\/w:auto\/h:auto\/q:mauto\/f:best\/https:\/\/mobila.md\/wp-content\/uploads\/2025\/03\/Canapea-Island-4-1.jpg\",\"width\":2000,\"height\":1333,\"caption\":\"Canapeaua modulara Island\"},{\"@type\":\"BreadcrumbList\",\"@id\":\"https:\/\/mobila.md\/ru\/product\/canapeaua-modulara-island\/#breadcrumb\",\"itemListElement\":[{\"@type\":\"ListItem\",\"position\":1,\"name\":\"\u0413\u043b\u0430\u0432\u043d\u0430\u044f\",\"item\":\"https:\/\/mobila.md\/\"},{\"@type\":\"ListItem\",\"position\":2,\"name\":\"Produse\",\"item\":\"https:\/\/mobila.md\/product\/\"},{\"@type\":\"ListItem\",\"position\":3,\"name\":\"Canapeaua Island\"}]},{\"@type\":\"WebSite\",\"@id\":\"https:\/\/mobila.md\/ru\/#website\",\"url\":\"https:\/\/mobila.md\/ru\/\",\"name\":\"ERGOLEMN\",\"description\":\"\",\"publisher\":{\"@id\":\"https:\/\/mobila.md\/ru\/#organization\"},\"potentialAction\":[{\"@type\":\"SearchAction\",\"target\":{\"@type\":\"EntryPoint\",\"urlTemplate\":\"https:\/\/mobila.md\/ru\/?s={search_term_string}\"},\"query-input\":{\"@type\":\"PropertyValueSpecification\",\"valueRequired\":true,\"valueName\":\"search_term_string\"}}],\"inLanguage\":\"ru-RU\"},{\"@type\":\"Organization\",\"@id\":\"https:\/\/mobila.md\/ru\/#organization\",\"name\":\"ERGOLEMN SRL\",\"url\":\"https:\/\/mobila.md\/ru\/\",\"logo\":{\"@type\":\"ImageObject\",\"inLanguage\":\"ru-RU\",\"@id\":\"https:\/\/mobila.md\/ru\/#\/schema\/logo\/image\/\",\"url\":\"https:\/\/mlob4660sih2.i.optimole.com\/cb:hB7A.2a1\/w:auto\/h:auto\/q:mauto\/f:best\/https:\/\/mobila.md\/wp-content\/uploads\/2024\/03\/logo-ergolemn-site-1.png\",\"contentUrl\":\"https:\/\/mlob4660sih2.i.optimole.com\/cb:hB7A.2a1\/w:auto\/h:auto\/q:mauto\/f:best\/https:\/\/mobila.md\/wp-content\/uploads\/2024\/03\/logo-ergolemn-site-1.png\",\"width\":350,\"height\":100,\"caption\":\"ERGOLEMN SRL\"},\"image\":{\"@id\":\"https:\/\/mobila.md\/ru\/#\/schema\/logo\/image\/\"},\"sameAs\":[\"https:\/\/www.facebook.com\/ergolemn?locale=ru_RU\",\"https:\/\/www.instagram.com\/ergolemnmoldova\/\"]}]}<\/script>\n<!-- \/ Yoast SEO Premium plugin. -->","yoast_head_json":{"title":"Canapeaua modular\u0103 Island \u2013 Confort \u0219i Design Personalizat","description":"Canapeaua modular\u0103 Island \u2013 stil contemporan, personalizare complet\u0103 \u0219i confort excep\u021bional. Ideal\u0103 pentru spa\u021bii moderne \u0219i interioare flexibile.","robots":{"index":"index","follow":"follow","max-snippet":"max-snippet:-1","max-image-preview":"max-image-preview:large","max-video-preview":"max-video-preview:-1"},"canonical":"Canapeaua modular\u0103 Island este solu\u021bia perfect\u0103 pentru a crea un spa\u021biu de relaxare comod \u0219i contemporan. Cu un design modern, linii rotunjite \u0219i propor\u021bii generoase, aceast\u0103 canapea ofer\u0103 at\u00e2t confort, c\u00e2t \u0219i stil. Fiecare modul este proiectat pentru a fi combinat cu u\u0219urin\u021b\u0103, permi\u021b\u00e2ndu-v\u0103 s\u0103 personaliza\u021bi configura\u021bia \u00een func\u021bie de spa\u021biul \u0219i preferin\u021bele dumneavoastr\u0103.Fabricat\u0103 din&hellip;","og_locale":"ru_RU","og_type":"article","og_title":"Canapeaua modular\u0103 Island \u2013 Confort \u0219i Design Personalizat","og_description":"Canapeaua modular\u0103 Island \u2013 stil contemporan, personalizare complet\u0103 \u0219i confort excep\u021bional. Ideal\u0103 pentru spa\u021bii moderne \u0219i interioare flexibile.","og_url":"https:\/\/mobila.md\/ru\/product\/canapeaua-modulara-island\/","og_site_name":"ERGOLEMN","article_publisher":"https:\/\/www.facebook.com\/ergolemn?locale=ru_RU","article_modified_time":"2026-01-20T14:22:27+00:00","og_image":[{"width":2000,"height":1333,"url":"https:\/\/mlob4660sih2.i.optimole.com\/cb:hB7A.2a1\/w:auto\/h:auto\/q:mauto\/f:best\/https:\/\/mobila.md\/wp-content\/uploads\/2025\/03\/Canapea-Island-4-1.jpg","type":"image\/jpeg"}],"twitter_card":"summary_large_image","twitter_misc":{"\u041f\u0440\u0438\u043c\u0435\u0440\u043d\u043e\u0435 \u0432\u0440\u0435\u043c\u044f \u0434\u043b\u044f \u0447\u0442\u0435\u043d\u0438\u044f":"2 \u043c\u0438\u043d\u0443\u0442\u044b"},"schema":{"@context":"https:\/\/schema.org","@graph":[{"@type":"WebPage","@id":"https:\/\/mobila.md\/ru\/product\/canapeaua-modulara-island\/","url":"https:\/\/mobila.md\/ru\/product\/canapeaua-modulara-island\/","name":"Canapeaua modular\u0103 Island \u2013 Confort \u0219i Design Personalizat","isPartOf":{"@id":"https:\/\/mobila.md\/#website"},"primaryImageOfPage":{"@id":"https:\/\/mobila.md\/ru\/product\/canapeaua-modulara-island\/#primaryimage"},"image":{"@id":"https:\/\/mobila.md\/ru\/product\/canapeaua-modulara-island\/#primaryimage"},"thumbnailUrl":"https:\/\/mlob4660sih2.i.optimole.com\/cb:hB7A.2a1\/w:auto\/h:auto\/q:mauto\/f:best\/https:\/\/mobila.md\/wp-content\/uploads\/2025\/03\/Canapea-Island-4-1.jpg","datePublished":"2025-03-20T09:41:18+00:00","dateModified":"2026-01-20T14:22:27+00:00","description":"Canapeaua modular\u0103 Island \u2013 stil contemporan, personalizare complet\u0103 \u0219i confort excep\u021bional. Ideal\u0103 pentru spa\u021bii moderne \u0219i interioare flexibile.","breadcrumb":{"@id":"https:\/\/mobila.md\/ru\/product\/canapeaua-modulara-island\/#breadcrumb"},"inLanguage":"ru-RU","potentialAction":[{"@type":"ReadAction","target":["https:\/\/mobila.md\/ru\/product\/canapeaua-modulara-island\/"]}]},{"@type":"ImageObject","inLanguage":"ru-RU","@id":"https:\/\/mobila.md\/ru\/product\/canapeaua-modulara-island\/#primaryimage","url":"https:\/\/mlob4660sih2.i.optimole.com\/cb:hB7A.2a1\/w:auto\/h:auto\/q:mauto\/f:best\/https:\/\/mobila.md\/wp-content\/uploads\/2025\/03\/Canapea-Island-4-1.jpg","contentUrl":"https:\/\/mlob4660sih2.i.optimole.com\/cb:hB7A.2a1\/w:auto\/h:auto\/q:mauto\/f:best\/https:\/\/mobila.md\/wp-content\/uploads\/2025\/03\/Canapea-Island-4-1.jpg","width":2000,"height":1333,"caption":"Canapeaua modulara Island"},{"@type":"BreadcrumbList","@id":"https:\/\/mobila.md\/ru\/product\/canapeaua-modulara-island\/#breadcrumb","itemListElement":[{"@type":"ListItem","position":1,"name":"\u0413\u043b\u0430\u0432\u043d\u0430\u044f","item":"https:\/\/mobila.md\/"},{"@type":"ListItem","position":2,"name":"Produse","item":"https:\/\/mobila.md\/product\/"},{"@type":"ListItem","position":3,"name":"Canapeaua Island"}]},{"@type":"WebSite","@id":"https:\/\/mobila.md\/ru\/#website","url":"https:\/\/mobila.md\/ru\/","name":"ERGOLEMN","description":"","publisher":{"@id":"https:\/\/mobila.md\/ru\/#organization"},"potentialAction":[{"@type":"SearchAction","target":{"@type":"EntryPoint","urlTemplate":"https:\/\/mobila.md\/ru\/?s={search_term_string}"},"query-input":{"@type":"PropertyValueSpecification","valueRequired":true,"valueName":"search_term_string"}}],"inLanguage":"ru-RU"},{"@type":"Organization","@id":"https:\/\/mobila.md\/ru\/#organization","name":"ERGOLEMN SRL","url":"https:\/\/mobila.md\/ru\/","logo":{"@type":"ImageObject","inLanguage":"ru-RU","@id":"https:\/\/mobila.md\/ru\/#\/schema\/logo\/image\/","url":"https:\/\/mlob4660sih2.i.optimole.com\/cb:hB7A.2a1\/w:auto\/h:auto\/q:mauto\/f:best\/https:\/\/mobila.md\/wp-content\/uploads\/2024\/03\/logo-ergolemn-site-1.png","contentUrl":"https:\/\/mlob4660sih2.i.optimole.com\/cb:hB7A.2a1\/w:auto\/h:auto\/q:mauto\/f:best\/https:\/\/mobila.md\/wp-content\/uploads\/2024\/03\/logo-ergolemn-site-1.png","width":350,"height":100,"caption":"ERGOLEMN SRL"},"image":{"@id":"https:\/\/mobila.md\/ru\/#\/schema\/logo\/image\/"},"sameAs":["https:\/\/www.facebook.com\/ergolemn?locale=ru_RU","https:\/\/www.instagram.com\/ergolemnmoldova\/"]}]}},"_links":{"self":[{"href":"https:\/\/mobila.md\/ru\/wp-json\/wp\/v2\/product\/989513","targetHints":{"allow":["GET"]}}],"collection":[{"href":"https:\/\/mobila.md\/ru\/wp-json\/wp\/v2\/product"}],"about":[{"href":"https:\/\/mobila.md\/ru\/wp-json\/wp\/v2\/types\/product"}],"version-history":[{"count":6,"href":"https:\/\/mobila.md\/ru\/wp-json\/wp\/v2\/product\/989513\/revisions"}],"predecessor-version":[{"id":990417,"href":"https:\/\/mobila.md\/ru\/wp-json\/wp\/v2\/product\/989513\/revisions\/990417"}],"wp:featuredmedia":[{"embeddable":true,"href":"https:\/\/mobila.md\/ru\/wp-json\/wp\/v2\/media\/989517"}],"wp:attachment":[{"href":"https:\/\/mobila.md\/ru\/wp-json\/wp\/v2\/media?parent=989513"}],"wp:term":[{"taxonomy":"product_brand","embeddable":true,"href":"https:\/\/mobila.md\/ru\/wp-json\/wp\/v2\/product_brand?post=989513"},{"taxonomy":"product_cat","embeddable":true,"href":"https:\/\/mobila.md\/ru\/wp-json\/wp\/v2\/product_cat?post=989513"},{"taxonomy":"product_tag","embeddable":true,"href":"https:\/\/mobila.md\/ru\/wp-json\/wp\/v2\/product_tag?post=989513"}],"curies":[{"name":"wp","href":"https:\/\/api.w.org\/{rel}","templated":true}]}}