{"id":989883,"date":"2025-03-27T12:42:30","date_gmt":"2025-03-27T09:42:30","guid":{"rendered":"https:\/\/mobila.md\/?page_id=989883"},"modified":"2025-03-27T12:48:01","modified_gmt":"2025-03-27T09:48:01","slug":"bucatarie-la-comanda-compacta-moderna-si-functionala","status":"publish","type":"page","link":"https:\/\/mobila.md\/ru\/bucatarie-la-comanda-compacta-moderna-si-functionala\/","title":{"rendered":"Buc\u0103t\u0103rie la comand\u0103 \u2013 compact\u0103, modern\u0103 \u0219i func\u021bional\u0103"},"content":{"rendered":"\t\t<div data-elementor-type=\"wp-page\" data-elementor-id=\"989883\" class=\"elementor elementor-989883\" data-elementor-post-type=\"page\">\n\t\t\t\t<div class=\"elementor-element elementor-element-8dea84a e-flex e-con-boxed e-con e-parent\" data-id=\"8dea84a\" data-element_type=\"container\" data-e-type=\"container\">\n\t\t\t\t\t<div class=\"e-con-inner\">\n\t\t\t\t<div class=\"elementor-element elementor-element-a5d9944 elementor-widget elementor-widget-spacer\" data-id=\"a5d9944\" data-element_type=\"widget\" data-e-type=\"widget\" data-widget_type=\"spacer.default\">\n\t\t\t\t<div class=\"elementor-widget-container\">\n\t\t\t\t\t\t\t<div class=\"elementor-spacer\">\n\t\t\t<div class=\"elementor-spacer-inner\"><\/div>\n\t\t<\/div>\n\t\t\t\t\t\t<\/div>\n\t\t\t\t<\/div>\n\t\t\t\t\t<\/div>\n\t\t\t\t<\/div>\n\t\t<div class=\"elementor-element elementor-element-7304e07 e-flex e-con-boxed e-con e-parent\" data-id=\"7304e07\" data-element_type=\"container\" data-e-type=\"container\">\n\t\t\t\t\t<div class=\"e-con-inner\">\n\t\t\t\t<div class=\"elementor-element elementor-element-d7e4c42 elementor-widget elementor-widget-gallery\" data-id=\"d7e4c42\" data-element_type=\"widget\" data-e-type=\"widget\" data-settings=\"{&quot;lazyload&quot;:&quot;yes&quot;,&quot;gallery_layout&quot;:&quot;grid&quot;,&quot;columns&quot;:4,&quot;columns_tablet&quot;:2,&quot;columns_mobile&quot;:1,&quot;gap&quot;:{&quot;unit&quot;:&quot;px&quot;,&quot;size&quot;:10,&quot;sizes&quot;:[]},&quot;gap_tablet&quot;:{&quot;unit&quot;:&quot;px&quot;,&quot;size&quot;:10,&quot;sizes&quot;:[]},&quot;gap_mobile&quot;:{&quot;unit&quot;:&quot;px&quot;,&quot;size&quot;:10,&quot;sizes&quot;:[]},&quot;link_to&quot;:&quot;file&quot;,&quot;aspect_ratio&quot;:&quot;3:2&quot;,&quot;overlay_background&quot;:&quot;yes&quot;,&quot;content_hover_animation&quot;:&quot;fade-in&quot;}\" data-widget_type=\"gallery.default\">\n\t\t\t\t<div class=\"elementor-widget-container\">\n\t\t\t\t\t\t\t<div class=\"elementor-gallery__container\">\n\t\t\t\t\t\t\t<a class=\"e-gallery-item elementor-gallery-item elementor-animated-content\" href=\"https:\/\/mlob4660sih2.i.optimole.com\/cb:hB7A.2a1\/w:auto\/h:auto\/q:mauto\/f:best\/https:\/\/mobila.md\/wp-content\/uploads\/2025\/03\/bucatarie-comanda-1.jpg\" data-elementor-open-lightbox=\"yes\" data-elementor-lightbox-slideshow=\"d7e4c42\" data-elementor-lightbox-title=\"bucatarie comanda (1)\" data-e-action-hash=\"#elementor-action%3Aaction%3Dlightbox%26settings%3DeyJpZCI6OTg5ODUzLCJ1cmwiOiJodHRwczpcL1wvbW9iaWxhLm1kXC93cC1jb250ZW50XC91cGxvYWRzXC8yMDI1XC8wM1wvYnVjYXRhcmllLWNvbWFuZGEtMS5qcGciLCJzbGlkZXNob3ciOiJkN2U0YzQyIn0%3D\">\n\t\t\t\t\t<div class=\"e-gallery-image elementor-gallery-item__image\" data-thumbnail=\"https:\/\/mlob4660sih2.i.optimole.com\/cb:hB7A.2a1\/w:300\/h:188\/q:mauto\/f:best\/https:\/\/mobila.md\/wp-content\/uploads\/2025\/03\/bucatarie-comanda-1.jpg\" data-width=\"300\" data-height=\"188\" aria-label=\"\" role=\"img\" ><\/div>\n\t\t\t\t\t\t\t\t\t\t\t<div class=\"elementor-gallery-item__overlay\"><\/div>\n\t\t\t\t\t\t\t\t\t\t\t\t\t\t<\/a>\n\t\t\t\t\t\t\t<a class=\"e-gallery-item elementor-gallery-item elementor-animated-content\" href=\"https:\/\/mlob4660sih2.i.optimole.com\/cb:hB7A.2a1\/w:auto\/h:auto\/q:mauto\/f:best\/https:\/\/mobila.md\/wp-content\/uploads\/2025\/03\/bucatarie-comanda-4.jpg\" data-elementor-open-lightbox=\"yes\" data-elementor-lightbox-slideshow=\"d7e4c42\" data-elementor-lightbox-title=\"bucatarie comanda (4)\" data-e-action-hash=\"#elementor-action%3Aaction%3Dlightbox%26settings%3DeyJpZCI6OTg5ODUyLCJ1cmwiOiJodHRwczpcL1wvbW9iaWxhLm1kXC93cC1jb250ZW50XC91cGxvYWRzXC8yMDI1XC8wM1wvYnVjYXRhcmllLWNvbWFuZGEtNC5qcGciLCJzbGlkZXNob3ciOiJkN2U0YzQyIn0%3D\">\n\t\t\t\t\t<div class=\"e-gallery-image elementor-gallery-item__image\" data-thumbnail=\"https:\/\/mlob4660sih2.i.optimole.com\/cb:hB7A.2a1\/w:300\/h:188\/q:mauto\/f:best\/https:\/\/mobila.md\/wp-content\/uploads\/2025\/03\/bucatarie-comanda-4.jpg\" data-width=\"300\" data-height=\"188\" aria-label=\"\" role=\"img\" ><\/div>\n\t\t\t\t\t\t\t\t\t\t\t<div class=\"elementor-gallery-item__overlay\"><\/div>\n\t\t\t\t\t\t\t\t\t\t\t\t\t\t<\/a>\n\t\t\t\t\t\t\t<a class=\"e-gallery-item elementor-gallery-item elementor-animated-content\" href=\"https:\/\/mlob4660sih2.i.optimole.com\/cb:hB7A.2a1\/w:auto\/h:auto\/q:mauto\/f:best\/https:\/\/mobila.md\/wp-content\/uploads\/2025\/03\/bucatarie-comanda-3.jpg\" data-elementor-open-lightbox=\"yes\" data-elementor-lightbox-slideshow=\"d7e4c42\" data-elementor-lightbox-title=\"bucatarie comanda (3)\" data-e-action-hash=\"#elementor-action%3Aaction%3Dlightbox%26settings%3DeyJpZCI6OTg5ODUxLCJ1cmwiOiJodHRwczpcL1wvbW9iaWxhLm1kXC93cC1jb250ZW50XC91cGxvYWRzXC8yMDI1XC8wM1wvYnVjYXRhcmllLWNvbWFuZGEtMy5qcGciLCJzbGlkZXNob3ciOiJkN2U0YzQyIn0%3D\">\n\t\t\t\t\t<div class=\"e-gallery-image elementor-gallery-item__image\" data-thumbnail=\"https:\/\/mlob4660sih2.i.optimole.com\/cb:hB7A.2a1\/w:270\/h:300\/q:mauto\/f:best\/https:\/\/mobila.md\/wp-content\/uploads\/2025\/03\/bucatarie-comanda-3.jpg\" data-width=\"270\" data-height=\"300\" aria-label=\"\" role=\"img\" ><\/div>\n\t\t\t\t\t\t\t\t\t\t\t<div class=\"elementor-gallery-item__overlay\"><\/div>\n\t\t\t\t\t\t\t\t\t\t\t\t\t\t<\/a>\n\t\t\t\t\t\t\t<a class=\"e-gallery-item elementor-gallery-item elementor-animated-content\" href=\"https:\/\/mlob4660sih2.i.optimole.com\/cb:hB7A.2a1\/w:auto\/h:auto\/q:mauto\/f:best\/https:\/\/mobila.md\/wp-content\/uploads\/2025\/03\/bucatarie-comanda-2.jpg\" data-elementor-open-lightbox=\"yes\" data-elementor-lightbox-slideshow=\"d7e4c42\" data-elementor-lightbox-title=\"bucatarie comanda (2)\" data-e-action-hash=\"#elementor-action%3Aaction%3Dlightbox%26settings%3DeyJpZCI6OTg5ODUwLCJ1cmwiOiJodHRwczpcL1wvbW9iaWxhLm1kXC93cC1jb250ZW50XC91cGxvYWRzXC8yMDI1XC8wM1wvYnVjYXRhcmllLWNvbWFuZGEtMi5qcGciLCJzbGlkZXNob3ciOiJkN2U0YzQyIn0%3D\">\n\t\t\t\t\t<div class=\"e-gallery-image elementor-gallery-item__image\" data-thumbnail=\"https:\/\/mlob4660sih2.i.optimole.com\/cb:hB7A.2a1\/w:270\/h:300\/q:mauto\/f:best\/https:\/\/mobila.md\/wp-content\/uploads\/2025\/03\/bucatarie-comanda-2.jpg\" data-width=\"270\" data-height=\"300\" aria-label=\"\" role=\"img\" ><\/div>\n\t\t\t\t\t\t\t\t\t\t\t<div class=\"elementor-gallery-item__overlay\"><\/div>\n\t\t\t\t\t\t\t\t\t\t\t\t\t\t<\/a>\n\t\t\t\t\t<\/div>\n\t\t\t\t\t<\/div>\n\t\t\t\t<\/div>\n\t\t\t\t\t<\/div>\n\t\t\t\t<\/div>\n\t\t<div class=\"elementor-element elementor-element-5b7f5b8 e-flex e-con-boxed e-con e-parent\" data-id=\"5b7f5b8\" data-element_type=\"container\" data-e-type=\"container\">\n\t\t\t\t\t<div class=\"e-con-inner\">\n\t\t\t\t<div class=\"elementor-element elementor-element-d71e17d elementor-widget elementor-widget-spacer\" data-id=\"d71e17d\" data-element_type=\"widget\" data-e-type=\"widget\" data-widget_type=\"spacer.default\">\n\t\t\t\t<div class=\"elementor-widget-container\">\n\t\t\t\t\t\t\t<div class=\"elementor-spacer\">\n\t\t\t<div class=\"elementor-spacer-inner\"><\/div>\n\t\t<\/div>\n\t\t\t\t\t\t<\/div>\n\t\t\t\t<\/div>\n\t\t\t\t\t<\/div>\n\t\t\t\t<\/div>\n\t\t<div class=\"elementor-element elementor-element-e361c6a e-flex e-con-boxed e-con e-parent\" data-id=\"e361c6a\" data-element_type=\"container\" data-e-type=\"container\">\n\t\t\t\t\t<div class=\"e-con-inner\">\n\t\t\t\t<div class=\"vamtam-has-theme-widget-styles elementor-element elementor-element-44d3c71 elementor-widget elementor-widget-text-editor\" data-id=\"44d3c71\" data-element_type=\"widget\" data-e-type=\"widget\" data-widget_type=\"text-editor.default\">\n\t\t\t\t<div class=\"elementor-widget-container\">\n\t\t\t\t\t\t\t\t\t<h3><b>Buc\u0103t\u0103rie la comand\u0103 \u2013 compact\u0103, modern\u0103 \u0219i func\u021bional\u0103<\/b><\/h3><p><span style=\"font-weight: 400;\">Am realizat recent o <\/span><b>buc\u0103t\u0103rie la comand\u0103 \u00een stil modern<\/b><span style=\"font-weight: 400;\">, creat\u0103 special pentru a se potrivi perfect dimensiunilor \u0219i cerin\u021belor clientului. De\u0219i este un spa\u021biu compact, fiecare detaliu a fost g\u00e2ndit pentru <\/span><b>maxim\u0103 func\u021bionalitate \u0219i confort<\/b><span style=\"font-weight: 400;\">.<\/span><\/p><p><span style=\"font-weight: 400;\">\ud83d\udd39<\/span> <b>Design inteligent \u0219i personalizat<\/b><span style=\"font-weight: 400;\"> \u2013 am optimizat fiecare centimetru pentru a oferi suficient spa\u021biu de depozitare \u0219i o organizare eficient\u0103.<\/span><\/p><p><span style=\"font-weight: 400;\">\ud83d\udd39<\/span> <b>Materiale de calitate<\/b><span style=\"font-weight: 400;\"> \u2013 mobilierul este realizat din materiale durabile, cu finisaje elegante, rezistente la umiditate \u0219i uzur\u0103.<\/span><\/p><p><span style=\"font-weight: 400;\">\ud83d\udd39<\/span> <b>Compact\u0103, dar practic\u0103<\/b><span style=\"font-weight: 400;\"> \u2013 sertarele \u0219i dulapurile sunt compartimentate strategic, iar blatul de lucru ofer\u0103 suficient spa\u021biu pentru g\u0103tit.<\/span><\/p><p><span style=\"font-weight: 400;\">Aceast\u0103 buc\u0103t\u0103rie demonstreaz\u0103 c\u0103 <\/span><b>un design personalizat poate transforma \u0219i un spa\u021biu mic \u00eentr-un loc modern \u0219i func\u021bional<\/b><span style=\"font-weight: 400;\">.\u00a0<\/span><\/p><p><span style=\"font-weight: 400;\">Dac\u0103 visezi la o <\/span><b>buc\u0103t\u0103rie la comand\u0103, adaptat\u0103 perfect nevoilor tale<\/b><span style=\"font-weight: 400;\">, contacteaz\u0103-ne \u0219i o putem realiza \u00eempreun\u0103!<\/span><\/p><p><span style=\"font-weight: 400;\">\ud83d\udce9<\/span> <b>Scrie-ne pentru o ofert\u0103 personalizat\u0103!<\/b><\/p>\t\t\t\t\t\t\t\t<\/div>\n\t\t\t\t<\/div>\n\t\t\t\t\t<\/div>\n\t\t\t\t<\/div>\n\t\t\t\t<\/div>\n\t\t","protected":false},"excerpt":{"rendered":"<p>Buc\u0103t\u0103rie la comand\u0103 \u2013 compact\u0103, modern\u0103 \u0219i func\u021bional\u0103 Am realizat recent o buc\u0103t\u0103rie la comand\u0103 \u00een stil modern, creat\u0103 special pentru a se potrivi perfect dimensiunilor \u0219i cerin\u021belor clientului. De\u0219i este un spa\u021biu compact, fiecare detaliu a fost g\u00e2ndit pentru maxim\u0103 func\u021bionalitate \u0219i confort. \ud83d\udd39 Design inteligent \u0219i personalizat \u2013 am optimizat fiecare centimetru pentru&#8230;<\/p>\n","protected":false},"author":4,"featured_media":0,"parent":0,"menu_order":0,"comment_status":"closed","ping_status":"closed","template":"","meta":{"footnotes":""},"class_list":["post-989883","page","type-page","status-publish","hentry"],"yoast_head":"<!-- This site is optimized with the Yoast SEO Premium plugin v24.7 (Yoast SEO v26.9) - https:\/\/yoast.com\/product\/yoast-seo-premium-wordpress\/ -->\n<title>Buc\u0103t\u0103rie la comand\u0103 \u2013 compact\u0103, modern\u0103 \u0219i func\u021bional\u0103<\/title>\n<meta name=\"description\" content=\"Buc\u0103t\u0103rie la comand\u0103 \u2013 compact\u0103, modern\u0103 \u0219i func\u021bional\u0103Am realizat recent o buc\u0103t\u0103rie la comand\u0103 \u00een stil modern, creat\u0103 special pentru a se potrivi perfect dimensiunilor \u0219i cerin\u021belor clientului. De\u0219i este un spa\u021biu compact, fiecare detaliu a fost g\u00e2ndit pentru maxim\u0103 func\u021bionalitate \u0219i confort.\ud83d\udd39 Design inteligent \u0219i personalizat \u2013 am optimizat fiecare centimetru pentru a oferi&hellip;\" \/>\n<meta name=\"robots\" content=\"index, follow, max-snippet:-1, max-image-preview:large, max-video-preview:-1\" \/>\n<link rel=\"canonical\" href=\"http:\/\/Buc\u0103t\u0103rie%20la%20comand\u0103%20\u2013%20compact\u0103,%20modern\u0103%20\u0219i%20func\u021bional\u0103Am%20realizat%20recent%20o%20buc\u0103t\u0103rie%20la%20comand\u0103%20\u00een%20stil%20modern,%20creat\u0103%20special%20pentru%20a%20se%20potrivi%20perfect%20dimensiunilor%20\u0219i%20cerin\u021belor%20clientului.%20De\u0219i%20este%20un%20spa\u021biu%20compact,%20fiecare%20detaliu%20a%20fost%20g\u00e2ndit%20pentru%20maxim\u0103%20func\u021bionalitate%20\u0219i%20confort.\ud83d\udd39%20Design%20inteligent%20\u0219i%20personalizat%20\u2013%20am%20optimizat%20fiecare%20centimetru%20pentru%20a%20oferi&hellip;\" \/>\n<meta property=\"og:locale\" content=\"ru_RU\" \/>\n<meta property=\"og:type\" content=\"article\" \/>\n<meta property=\"og:title\" content=\"Buc\u0103t\u0103rie la comand\u0103 \u2013 compact\u0103, modern\u0103 \u0219i func\u021bional\u0103\" \/>\n<meta property=\"og:description\" content=\"Buc\u0103t\u0103rie la comand\u0103 \u2013 compact\u0103, modern\u0103 \u0219i func\u021bional\u0103Am realizat recent o buc\u0103t\u0103rie la comand\u0103 \u00een stil modern, creat\u0103 special pentru a se potrivi perfect dimensiunilor \u0219i cerin\u021belor clientului. De\u0219i este un spa\u021biu compact, fiecare detaliu a fost g\u00e2ndit pentru maxim\u0103 func\u021bionalitate \u0219i confort.\ud83d\udd39 Design inteligent \u0219i personalizat \u2013 am optimizat fiecare centimetru pentru a oferi&hellip;\" \/>\n<meta property=\"og:url\" content=\"https:\/\/mobila.md\/ru\/bucatarie-la-comanda-compacta-moderna-si-functionala\/\" \/>\n<meta property=\"og:site_name\" content=\"ERGOLEMN\" \/>\n<meta property=\"article:publisher\" content=\"https:\/\/www.facebook.com\/ergolemn?locale=ru_RU\" \/>\n<meta property=\"article:modified_time\" content=\"2025-03-27T09:48:01+00:00\" \/>\n<meta name=\"twitter:card\" content=\"summary_large_image\" \/>\n<meta name=\"twitter:label1\" content=\"\u041f\u0440\u0438\u043c\u0435\u0440\u043d\u043e\u0435 \u0432\u0440\u0435\u043c\u044f \u0434\u043b\u044f \u0447\u0442\u0435\u043d\u0438\u044f\" \/>\n\t<meta name=\"twitter:data1\" content=\"1 \u043c\u0438\u043d\u0443\u0442\u0430\" \/>\n<script type=\"application\/ld+json\" class=\"yoast-schema-graph\">{\"@context\":\"https:\/\/schema.org\",\"@graph\":[{\"@type\":\"WebPage\",\"@id\":\"https:\/\/mobila.md\/ru\/bucatarie-la-comanda-compacta-moderna-si-functionala\/\",\"url\":\"https:\/\/mobila.md\/ru\/bucatarie-la-comanda-compacta-moderna-si-functionala\/\",\"name\":\"Buc\u0103t\u0103rie la comand\u0103 \u2013 compact\u0103, modern\u0103 \u0219i func\u021bional\u0103 - ERGOLEMN\",\"isPartOf\":{\"@id\":\"https:\/\/mobila.md\/#website\"},\"datePublished\":\"2025-03-27T09:42:30+00:00\",\"dateModified\":\"2025-03-27T09:48:01+00:00\",\"breadcrumb\":{\"@id\":\"https:\/\/mobila.md\/ru\/bucatarie-la-comanda-compacta-moderna-si-functionala\/#breadcrumb\"},\"inLanguage\":\"ru-RU\",\"potentialAction\":[{\"@type\":\"ReadAction\",\"target\":[\"https:\/\/mobila.md\/ru\/bucatarie-la-comanda-compacta-moderna-si-functionala\/\"]}]},{\"@type\":\"BreadcrumbList\",\"@id\":\"https:\/\/mobila.md\/ru\/bucatarie-la-comanda-compacta-moderna-si-functionala\/#breadcrumb\",\"itemListElement\":[{\"@type\":\"ListItem\",\"position\":1,\"name\":\"\u0413\u043b\u0430\u0432\u043d\u0430\u044f\",\"item\":\"https:\/\/mobila.md\/\"},{\"@type\":\"ListItem\",\"position\":2,\"name\":\"Buc\u0103t\u0103rie la comand\u0103 \u2013 compact\u0103, modern\u0103 \u0219i func\u021bional\u0103\"}]},{\"@type\":\"WebSite\",\"@id\":\"https:\/\/mobila.md\/ru\/#website\",\"url\":\"https:\/\/mobila.md\/ru\/\",\"name\":\"ERGOLEMN\",\"description\":\"\",\"publisher\":{\"@id\":\"https:\/\/mobila.md\/ru\/#organization\"},\"potentialAction\":[{\"@type\":\"SearchAction\",\"target\":{\"@type\":\"EntryPoint\",\"urlTemplate\":\"https:\/\/mobila.md\/ru\/?s={search_term_string}\"},\"query-input\":{\"@type\":\"PropertyValueSpecification\",\"valueRequired\":true,\"valueName\":\"search_term_string\"}}],\"inLanguage\":\"ru-RU\"},{\"@type\":\"Organization\",\"@id\":\"https:\/\/mobila.md\/ru\/#organization\",\"name\":\"ERGOLEMN SRL\",\"url\":\"https:\/\/mobila.md\/ru\/\",\"logo\":{\"@type\":\"ImageObject\",\"inLanguage\":\"ru-RU\",\"@id\":\"https:\/\/mobila.md\/ru\/#\/schema\/logo\/image\/\",\"url\":\"https:\/\/mlob4660sih2.i.optimole.com\/cb:hB7A.2a1\/w:auto\/h:auto\/q:mauto\/f:best\/https:\/\/mobila.md\/wp-content\/uploads\/2024\/03\/logo-ergolemn-site-1.png\",\"contentUrl\":\"https:\/\/mlob4660sih2.i.optimole.com\/cb:hB7A.2a1\/w:auto\/h:auto\/q:mauto\/f:best\/https:\/\/mobila.md\/wp-content\/uploads\/2024\/03\/logo-ergolemn-site-1.png\",\"width\":350,\"height\":100,\"caption\":\"ERGOLEMN SRL\"},\"image\":{\"@id\":\"https:\/\/mobila.md\/ru\/#\/schema\/logo\/image\/\"},\"sameAs\":[\"https:\/\/www.facebook.com\/ergolemn?locale=ru_RU\",\"https:\/\/www.instagram.com\/ergolemnmoldova\/\"]}]}<\/script>\n<!-- \/ Yoast SEO Premium plugin. -->","yoast_head_json":{"title":"Buc\u0103t\u0103rie la comand\u0103 \u2013 compact\u0103, modern\u0103 \u0219i func\u021bional\u0103","description":"Buc\u0103t\u0103rie la comand\u0103 \u2013 compact\u0103, modern\u0103 \u0219i func\u021bional\u0103Am realizat recent o buc\u0103t\u0103rie la comand\u0103 \u00een stil modern, creat\u0103 special pentru a se potrivi perfect dimensiunilor \u0219i cerin\u021belor clientului. De\u0219i este un spa\u021biu compact, fiecare detaliu a fost g\u00e2ndit pentru maxim\u0103 func\u021bionalitate \u0219i confort.\ud83d\udd39 Design inteligent \u0219i personalizat \u2013 am optimizat fiecare centimetru pentru a oferi&hellip;","robots":{"index":"index","follow":"follow","max-snippet":"max-snippet:-1","max-image-preview":"max-image-preview:large","max-video-preview":"max-video-preview:-1"},"canonical":"Buc\u0103t\u0103rie la comand\u0103 \u2013 compact\u0103, modern\u0103 \u0219i func\u021bional\u0103Am realizat recent o buc\u0103t\u0103rie la comand\u0103 \u00een stil modern, creat\u0103 special pentru a se potrivi perfect dimensiunilor \u0219i cerin\u021belor clientului. De\u0219i este un spa\u021biu compact, fiecare detaliu a fost g\u00e2ndit pentru maxim\u0103 func\u021bionalitate \u0219i confort.\ud83d\udd39 Design inteligent \u0219i personalizat \u2013 am optimizat fiecare centimetru pentru a oferi&hellip;","og_locale":"ru_RU","og_type":"article","og_title":"Buc\u0103t\u0103rie la comand\u0103 \u2013 compact\u0103, modern\u0103 \u0219i func\u021bional\u0103","og_description":"Buc\u0103t\u0103rie la comand\u0103 \u2013 compact\u0103, modern\u0103 \u0219i func\u021bional\u0103Am realizat recent o buc\u0103t\u0103rie la comand\u0103 \u00een stil modern, creat\u0103 special pentru a se potrivi perfect dimensiunilor \u0219i cerin\u021belor clientului. De\u0219i este un spa\u021biu compact, fiecare detaliu a fost g\u00e2ndit pentru maxim\u0103 func\u021bionalitate \u0219i confort.\ud83d\udd39 Design inteligent \u0219i personalizat \u2013 am optimizat fiecare centimetru pentru a oferi&hellip;","og_url":"https:\/\/mobila.md\/ru\/bucatarie-la-comanda-compacta-moderna-si-functionala\/","og_site_name":"ERGOLEMN","article_publisher":"https:\/\/www.facebook.com\/ergolemn?locale=ru_RU","article_modified_time":"2025-03-27T09:48:01+00:00","twitter_card":"summary_large_image","twitter_misc":{"\u041f\u0440\u0438\u043c\u0435\u0440\u043d\u043e\u0435 \u0432\u0440\u0435\u043c\u044f \u0434\u043b\u044f \u0447\u0442\u0435\u043d\u0438\u044f":"1 \u043c\u0438\u043d\u0443\u0442\u0430"},"schema":{"@context":"https:\/\/schema.org","@graph":[{"@type":"WebPage","@id":"https:\/\/mobila.md\/ru\/bucatarie-la-comanda-compacta-moderna-si-functionala\/","url":"https:\/\/mobila.md\/ru\/bucatarie-la-comanda-compacta-moderna-si-functionala\/","name":"Buc\u0103t\u0103rie la comand\u0103 \u2013 compact\u0103, modern\u0103 \u0219i func\u021bional\u0103 - ERGOLEMN","isPartOf":{"@id":"https:\/\/mobila.md\/#website"},"datePublished":"2025-03-27T09:42:30+00:00","dateModified":"2025-03-27T09:48:01+00:00","breadcrumb":{"@id":"https:\/\/mobila.md\/ru\/bucatarie-la-comanda-compacta-moderna-si-functionala\/#breadcrumb"},"inLanguage":"ru-RU","potentialAction":[{"@type":"ReadAction","target":["https:\/\/mobila.md\/ru\/bucatarie-la-comanda-compacta-moderna-si-functionala\/"]}]},{"@type":"BreadcrumbList","@id":"https:\/\/mobila.md\/ru\/bucatarie-la-comanda-compacta-moderna-si-functionala\/#breadcrumb","itemListElement":[{"@type":"ListItem","position":1,"name":"\u0413\u043b\u0430\u0432\u043d\u0430\u044f","item":"https:\/\/mobila.md\/"},{"@type":"ListItem","position":2,"name":"Buc\u0103t\u0103rie la comand\u0103 \u2013 compact\u0103, modern\u0103 \u0219i func\u021bional\u0103"}]},{"@type":"WebSite","@id":"https:\/\/mobila.md\/ru\/#website","url":"https:\/\/mobila.md\/ru\/","name":"ERGOLEMN","description":"","publisher":{"@id":"https:\/\/mobila.md\/ru\/#organization"},"potentialAction":[{"@type":"SearchAction","target":{"@type":"EntryPoint","urlTemplate":"https:\/\/mobila.md\/ru\/?s={search_term_string}"},"query-input":{"@type":"PropertyValueSpecification","valueRequired":true,"valueName":"search_term_string"}}],"inLanguage":"ru-RU"},{"@type":"Organization","@id":"https:\/\/mobila.md\/ru\/#organization","name":"ERGOLEMN SRL","url":"https:\/\/mobila.md\/ru\/","logo":{"@type":"ImageObject","inLanguage":"ru-RU","@id":"https:\/\/mobila.md\/ru\/#\/schema\/logo\/image\/","url":"https:\/\/mlob4660sih2.i.optimole.com\/cb:hB7A.2a1\/w:auto\/h:auto\/q:mauto\/f:best\/https:\/\/mobila.md\/wp-content\/uploads\/2024\/03\/logo-ergolemn-site-1.png","contentUrl":"https:\/\/mlob4660sih2.i.optimole.com\/cb:hB7A.2a1\/w:auto\/h:auto\/q:mauto\/f:best\/https:\/\/mobila.md\/wp-content\/uploads\/2024\/03\/logo-ergolemn-site-1.png","width":350,"height":100,"caption":"ERGOLEMN SRL"},"image":{"@id":"https:\/\/mobila.md\/ru\/#\/schema\/logo\/image\/"},"sameAs":["https:\/\/www.facebook.com\/ergolemn?locale=ru_RU","https:\/\/www.instagram.com\/ergolemnmoldova\/"]}]}},"_links":{"self":[{"href":"https:\/\/mobila.md\/ru\/wp-json\/wp\/v2\/pages\/989883","targetHints":{"allow":["GET"]}}],"collection":[{"href":"https:\/\/mobila.md\/ru\/wp-json\/wp\/v2\/pages"}],"about":[{"href":"https:\/\/mobila.md\/ru\/wp-json\/wp\/v2\/types\/page"}],"author":[{"embeddable":true,"href":"https:\/\/mobila.md\/ru\/wp-json\/wp\/v2\/users\/4"}],"replies":[{"embeddable":true,"href":"https:\/\/mobila.md\/ru\/wp-json\/wp\/v2\/comments?post=989883"}],"version-history":[{"count":4,"href":"https:\/\/mobila.md\/ru\/wp-json\/wp\/v2\/pages\/989883\/revisions"}],"predecessor-version":[{"id":989888,"href":"https:\/\/mobila.md\/ru\/wp-json\/wp\/v2\/pages\/989883\/revisions\/989888"}],"wp:attachment":[{"href":"https:\/\/mobila.md\/ru\/wp-json\/wp\/v2\/media?parent=989883"}],"curies":[{"name":"wp","href":"https:\/\/api.w.org\/{rel}","templated":true}]}}